{"id":596,"date":"2021-08-09T11:39:42","date_gmt":"2021-08-09T08:39:42","guid":{"rendered":"https:\/\/taff.fi\/?page_id=596"},"modified":"2025-08-12T21:25:30","modified_gmt":"2025-08-12T18:25:30","slug":"turvallisuus","status":"publish","type":"page","link":"https:\/\/taff.fi\/fi\/turvallisuus\/","title":{"rendered":"Turvallisuus &#038; esteett\u00f6myss"},"content":{"rendered":"\n<h2 class=\"wp-block-heading\">Turvallisuus &amp; esteett\u00f6myys<\/h2>\n\n\n\n<p>Vieraidemme turvallisuus on meille \u00e4\u00e4rimm\u00e4isen t\u00e4rke\u00e4\u00e4, ja huomioimme tarkasti k\u00e4vij\u00f6idemme turvallisuuden kaikessa toiminnassamme. Kehit\u00e4mme lis\u00e4ksi festivaalimme esteett\u00f6myytt\u00e4 ja saavutettavuutta jatkuvasti. Pyrimme tekem\u00e4\u00e4n parhaamme, jotta jokaiselle olisi helppoa ja mukavaa tulla TAFFiin!<\/p>\n\n\n\n<h4 class=\"wp-block-heading\">Esteett\u00f6myys<\/h4>\n\n\n\n<div class=\"wp-block-group is-horizontal is-content-justification-left is-nowrap is-layout-flex wp-container-core-group-is-layout-e0598304 wp-block-group-is-layout-flex\">\n<p class=\"has-text-align-left\"><strong>Manilla-teatteri<\/strong> on esteet\u00f6n tila. Kulku pihalta teatterikerrokseen kulkee loivahkoa m\u00e4ke\u00e4. Teatterissa on yksi inva-WC. Py\u00f6r\u00e4tuolipaikkoja pystyt\u00e4\u00e4n j\u00e4rjest\u00e4m\u00e4\u00e4n joustavasti esityksiin. Manillan tehtaan pihalla on yksi invapaikka.<\/p>\n<\/div>\n\n\n\n<p><strong>Viinatehdas<\/strong> Manillassa on esteet\u00f6n tila. Viinatehdas on Manillan vanhimpaan osaan kunnostettu tila, johon on mahdollista avata py\u00f6r\u00e4tuolille soveltuva sis\u00e4\u00e4nk\u00e4ynti. Tilasta toiseen liikkuminen onnistuu loivia ramppeja pitkin. Tilassa\u00a0on yksi inva-WC ja py\u00f6r\u00e4tuoleille j\u00e4rjestyy paikkoja.<\/p>\n\n\n\n<p><strong>Taiteen talon<\/strong> sis\u00e4piha ja osa tiloista eiv\u00e4t ole t\u00e4ysin esteett\u00f6mi\u00e4. Sis\u00e4piha on kivetetty ja pieness\u00e4 rinteess\u00e4. Taiteen talon sis\u00e4pihan ja Brinkkalan sis\u00e4pihan v\u00e4lisen portin yhteydess\u00e4 on kuitenkin esteet\u00f6n kulku.&nbsp;Taiteen talon sis\u00e4\u00e4nk\u00e4ynti on esteet\u00f6n ja oven vieress\u00e4 painike oven avaamiseen. Hissi on esteet\u00f6n, mutta ovi on painava ja painike korkealla.&nbsp;Inva-WC sijaistee talon 1. kerroksessa. Tilaan on oma sis\u00e4\u00e4nk\u00e4ynti ja luiska.<\/p>\n\n\n\n<p><strong>Brinkkalan sis\u00e4piha<\/strong> ei ole t\u00e4ysin esteet\u00f6n tila, mutta Taiteen talon sis\u00e4pihan ja Brinkkalan sis\u00e4pihan v\u00e4lisen portin yhteydess\u00e4 on esteet\u00f6n kulku. Sis\u00e4piha on esteett\u00f6m\u00e4n kulkureitin ulkopuolella ep\u00e4tasaista mukulakivetyst\u00e4 ja se on kalteva Konttori-rakennuksen suuntaan. Pihalla ei ole asiakaspys\u00e4k\u00f6inti\u00e4. <\/p>\n\n\n\n<p><strong>Kino Kilta<\/strong> sijaitsee Taiteen talon Palokunta-rakennuksessa. Teatterin p\u00e4\u00e4sis\u00e4\u00e4nk\u00e4ynti ei ole esteet\u00f6n. Mik\u00e4li tarvitset esteet\u00f6nt\u00e4 kulkua, soitathan Kino Killan asiakaspalvelun numeroon (teatterin aukioloaikoina +358 50 310 3205), niin kassahenkil\u00f6kunta tulee opastamaan tai avustamaan. Valitettavasti teatterin uniikin sijainnin vuoksi&nbsp;hissireitti kulkee naapurirakennuksen (A-porras) kautta ja vaatii avaimen. Huomiothan pidemm\u00e4n reitin ja saavut ajoissa. Voit l\u00e4hett\u00e4\u00e4 arvioidun saapumisaikasi teatterihenkil\u00f6kunnalle etuk\u00e4teen, niin henkil\u00f6kunta tulee ottamaan teid\u00e4t vastaan. Kino Killan salissa on induktiosilmukka ja kaksi py\u00f6r\u00e4tuolipaikkaa. Teatterissa on my\u00f6s esteet\u00f6n WC.<\/p>\n\n\n\n<p><strong>Galleria Askin<\/strong> tilat eiv\u00e4t ole t\u00e4ysin esteett\u00f6m\u00e4t. Galleria sijaitsee katutasossa ja esteet\u00f6n sis\u00e4\u00e4np\u00e4\u00e4sy tapahtuu Taiteen talon sis\u00e4pihalta. Galleria Askin ulko-ovella (F1) on kynnys eik\u00e4 gallerian ovi aukea automaattisesti.&nbsp;Galleriassa ei ole yleis\u00f6-wc:t\u00e4. L\u00e4himm\u00e4t yleis\u00f6lle avoimet wc:t l\u00f6ytyv\u00e4t Caf\u00e9 Elephantenin tiloista.<\/p>\n\n\n\n<p><strong>Caf\u00e9 Elephantenin <\/strong>kahvilatilat ovat esteett\u00f6m\u00e4t. Kahvila sijaitsee katutasossa ja siihen on esteet\u00f6n sis\u00e4\u00e4np\u00e4\u00e4sy Taiteen talon sis\u00e4pihalta (E4) ja Luostarin V\u00e4likadulta (E8). Konttorin sis\u00e4\u00e4nk\u00e4ynti (E4) on varustettu avauspainikkeella, mutta Luostarin V\u00e4likadun ovea ei (E8).&nbsp;Esteet\u00f6n WC&nbsp;l\u00f6ytyy kahvilan yhteydest\u00e4, WC&nbsp;on oikeak\u00e4tinen.<\/p>\n\n\n\n<p><strong>Taiteen talon kartta<\/strong>:<\/p>\n\n\n\n<figure class=\"wp-block-image size-full\"><img fetchpriority=\"high\" decoding=\"async\" width=\"1024\" height=\"951\" src=\"https:\/\/taff.fi\/2021\/wp-content\/uploads\/Karttaopaste-1024x951-2.png\" alt=\"\" class=\"wp-image-9142\" srcset=\"https:\/\/taff.fi\/2021\/wp-content\/uploads\/Karttaopaste-1024x951-2.png 1024w, https:\/\/taff.fi\/2021\/wp-content\/uploads\/Karttaopaste-1024x951-2-581x540.png 581w, https:\/\/taff.fi\/2021\/wp-content\/uploads\/Karttaopaste-1024x951-2-768x713.png 768w, https:\/\/taff.fi\/2021\/wp-content\/uploads\/Karttaopaste-1024x951-2-600x557.png 600w\" sizes=\"(max-width: 1024px) 100vw, 1024px\" \/><\/figure>\n\n\n\n<p><strong>Manillan &amp; Viinatehtaan kartta:<\/strong><\/p>\n\n\n\n<figure class=\"wp-block-gallery has-nested-images columns-default is-cropped wp-block-gallery-1 is-layout-flex wp-block-gallery-is-layout-flex\">\n<figure class=\"wp-block-image size-large\"><img decoding=\"async\" width=\"758\" height=\"848\" data-id=\"9236\" src=\"https:\/\/taff.fi\/2021\/wp-content\/uploads\/Nayttokuva-2025-08-12-kello-16.25.20-3.png\" alt=\"\" class=\"wp-image-9236\" srcset=\"https:\/\/taff.fi\/2021\/wp-content\/uploads\/Nayttokuva-2025-08-12-kello-16.25.20-3.png 758w, https:\/\/taff.fi\/2021\/wp-content\/uploads\/Nayttokuva-2025-08-12-kello-16.25.20-3-483x540.png 483w, https:\/\/taff.fi\/2021\/wp-content\/uploads\/Nayttokuva-2025-08-12-kello-16.25.20-3-600x671.png 600w\" sizes=\"(max-width: 758px) 100vw, 758px\" \/><\/figure>\n\n\n\n<figure class=\"wp-block-image size-large is-resized\"><img decoding=\"async\" width=\"758\" height=\"848\" data-id=\"9234\" src=\"https:\/\/taff.fi\/2021\/wp-content\/uploads\/Nayttokuva-2025-08-12-kello-16.25.25-3.png\" alt=\"\" class=\"wp-image-9234\" style=\"width:284px;height:auto\" srcset=\"https:\/\/taff.fi\/2021\/wp-content\/uploads\/Nayttokuva-2025-08-12-kello-16.25.25-3.png 758w, https:\/\/taff.fi\/2021\/wp-content\/uploads\/Nayttokuva-2025-08-12-kello-16.25.25-3-483x540.png 483w, https:\/\/taff.fi\/2021\/wp-content\/uploads\/Nayttokuva-2025-08-12-kello-16.25.25-3-600x671.png 600w\" sizes=\"(max-width: 758px) 100vw, 758px\" \/><\/figure>\n<\/figure>\n\n\n\n<p>Festivaalialueet Turun kaupungin kartalla sek\u00e4 saapumisohjeet l\u00f6yd\u00e4t <a href=\"https:\/\/taff.fi\/fi\/yhteystiedot\/\" data-type=\"link\" data-id=\"https:\/\/taff.fi\/fi\/yhteystiedot\/\" target=\"_blank\" rel=\"noreferrer noopener\"><span style=\"text-decoration: underline;\">Yhteystiedot &amp; sijainti -sivulta<\/span><\/a>.<\/p>\n\n\n\n<h4 class=\"wp-block-heading\">Tietoa kielist\u00e4<\/h4>\n\n\n\n<p>Festivaalimme on kansainv\u00e4linen, ja toivotamme yst\u00e4v\u00e4mme ymp\u00e4ri maailman l\u00e4mpim\u00e4sti tervetulleiksi osallistumaan TAFFin taikaan! Henkil\u00f6kuntamme ja vapaaehtoisemme auttavat sinua mielell\u00e4\u00e4n suomeksi ja englanniksi ennen vierailuasi, sen aikana ja sen j\u00e4lkeen.<\/p>\n\n\n\n<p>N\u00e4yt\u00f6stemme kaikki elokuvat, joissa puhutaan muuta kuin englantia, on tekstitetty englanniksi.<\/p>\n\n\n\n<h4 class=\"wp-block-heading\"><b>Turvallisemman tilan periaatteet<\/b><\/h4>\n\n\n\n<p>Emme hyv\u00e4ksy mink\u00e4\u00e4nlaista syrjint\u00e4\u00e4 tai h\u00e4irint\u00e4\u00e4 festivaalilla.<\/p>\n\n\n\n<p>Kunnioita toisten henkil\u00f6kohtaista psyykkist\u00e4 ja fyysist\u00e4 tilaa \u2013 \u00e4l\u00e4 koske ilman lupaa ja kunnioita muiden yksityisyytt\u00e4. K\u00e4sittele arkoja ja intiimej\u00e4 aiheita kunnioituksella.<\/p>\n\n\n\n<p>\u00c4l\u00e4 k\u00e4yt\u00e4 syrjiv\u00e4\u00e4 tai halventavaa kielt\u00e4 tai nolaa ja mollaa ket\u00e4\u00e4n puheellasi.<\/p>\n\n\n\n<p>\u00c4l\u00e4 tee oletuksia perustuen toisten ulkoiseen olemukseen esimerkiksi seksuaalisuudesta, sukupuolesta, kansallisuudesta, etnisyydest\u00e4, uskonnosta, sosioekonomisesta taustasta, terveydest\u00e4 tai toimintakyvyst\u00e4.<\/p>\n\n\n\n<p>Jos olet tahtomattasi ylitt\u00e4nyt muiden rajoja k\u00e4yt\u00f6ksell\u00e4si, muuta k\u00e4yt\u00f6st\u00e4si ja pahoittele toimintaasi.<\/p>\n\n\n\n<p>Huolehdi muista ja itsest\u00e4si festivaalialueella ja oheistapahtumissa. Jos kohtaat ja huomaat h\u00e4irint\u00e4\u00e4 tai tarvitset tukea, ole yhteydess\u00e4 ty\u00f6ntekij\u00f6ihimme. Tarvittaessa h\u00e4iritsev\u00e4sti k\u00e4ytt\u00e4ytyv\u00e4 henkil\u00f6 poistetaan tilasta ty\u00f6ntekij\u00f6idemme toimesta.<\/p>\n\n\n\n<p>Voit k\u00e4\u00e4nty\u00e4 h\u00e4irint\u00e4tilanteissa kenen tahansa ty\u00f6ntekij\u00e4mme puoleen, mutta festivaalillamme toimii my\u00f6s kaksi h\u00e4irint\u00e4yhdyshenkil\u00f6\u00e4, jotka tunnistat pastellinpinkist\u00e4 kaulanauhasta. <\/p>\n\n\n\n<p><strong>TAFF 2025:n h\u00e4irint\u00e4yhdyshenkil\u00f6t ovat festivaalijohtaja Annika Dahlsten (<a href=\"mailto:a&#110;nik&#97;&#64;&#116;aff&#46;fi\">a&#110;nik&#97;&#64;&#116;aff&#46;fi<\/a>) sek\u00e4 talkoolaisvastaava Ylva-Lii Wahlstr\u00f6m (<a href=\"mailto:y&#108;&#118;a&#64;t&#97;ff&#46;f&#105;\">y&#108;&#118;a&#64;t&#97;ff&#46;f&#105;<\/a>)<\/strong>.<\/p>\n\n\n\n<p>TAFF on kansainv\u00e4lisen yhteis\u00f6n, Keep Festiven, j\u00e4sen. Keep Festive on ep\u00e4asiallisen kohtelun ja h\u00e4irinn\u00e4n vastainen organisaatio, joka edist\u00e4\u00e4 turvallisempia ja viihtyis\u00e4mpi\u00e4 festivaaleja kaikille.<\/p>\n\n\n\n<h4 class=\"wp-block-heading\"><b>Sis\u00e4lt\u00f6varoitukset<\/b><\/h4>\n\n\n\n<p>Useat ohjelmistomme elokuvat k\u00e4sittelev\u00e4t vaikeita tai ahdistavia aiheita. Lis\u00e4\u00e4mme jokaisen n\u00e4yt\u00f6ksen tietoihin sis\u00e4lt\u00f6varoitukset tyypillisist\u00e4 ahdistavista aiheista. Vuoden 2025 sis\u00e4lt\u00f6varoitukset ovat saatavilla nettisivuillamme ennen ensimm\u00e4ist\u00e4 festivaalip\u00e4iv\u00e4\u00e4.<\/p>\n\n\n\n<p><\/p>\n","protected":false},"excerpt":{"rendered":"<p>Turvallisuus &amp; esteett\u00f6myys Vieraidemme turvallisuus on meille \u00e4\u00e4rimm\u00e4isen t\u00e4rke\u00e4\u00e4, ja huomioimme tarkasti k\u00e4vij\u00f6idemme turvallisuuden kaikessa toiminnassamme. Kehit\u00e4mme lis\u00e4ksi festivaalimme esteett\u00f6myytt\u00e4 ja saavutettavuutta jatkuvasti. Pyrimme tekem\u00e4\u00e4n [&hellip;]<\/p>\n","protected":false},"author":7,"featured_media":7443,"parent":0,"menu_order":0,"comment_status":"closed","ping_status":"closed","template":"","meta":{"_acf_changed":false,"footnotes":""},"class_list":["post-596","page","type-page","status-publish","has-post-thumbnail","hentry"],"acf":[],"_links":{"self":[{"href":"https:\/\/taff.fi\/fi\/wp-json\/wp\/v2\/pages\/596","targetHints":{"allow":["GET"]}}],"collection":[{"href":"https:\/\/taff.fi\/fi\/wp-json\/wp\/v2\/pages"}],"about":[{"href":"https:\/\/taff.fi\/fi\/wp-json\/wp\/v2\/types\/page"}],"author":[{"embeddable":true,"href":"https:\/\/taff.fi\/fi\/wp-json\/wp\/v2\/users\/7"}],"replies":[{"embeddable":true,"href":"https:\/\/taff.fi\/fi\/wp-json\/wp\/v2\/comments?post=596"}],"version-history":[{"count":66,"href":"https:\/\/taff.fi\/fi\/wp-json\/wp\/v2\/pages\/596\/revisions"}],"predecessor-version":[{"id":9298,"href":"https:\/\/taff.fi\/fi\/wp-json\/wp\/v2\/pages\/596\/revisions\/9298"}],"wp:featuredmedia":[{"embeddable":true,"href":"https:\/\/taff.fi\/fi\/wp-json\/wp\/v2\/media\/7443"}],"wp:attachment":[{"href":"https:\/\/taff.fi\/fi\/wp-json\/wp\/v2\/media?parent=596"}],"curies":[{"name":"wp","href":"https:\/\/api.w.org\/{rel}","templated":true}]}}